{"id":4052,"date":"2015-02-02T04:19:58","date_gmt":"2015-02-02T04:19:58","guid":{"rendered":"http:\/\/arlcluj.ro\/?page_id=4052&#038;lang=de"},"modified":"2015-12-09T15:06:43","modified_gmt":"2015-12-09T13:06:43","slug":"neuheiten","status":"publish","type":"page","link":"https:\/\/arlcluj.ro\/de\/ueber-uns\/neuheiten\/","title":{"rendered":"Neuheiten"},"content":{"rendered":"\n<div  class=\"content_row row vc_row wpb_row vc_row-fluid default-style fullwidth overlap\" >\n\t\n\t<div class=\"content_row_wrapper  default\" >\n\t<div class=\"vc_col-sm-12 wpb_column vc_column_container\" >\n\t\t<div class=\"wpb_wrapper\">\n\t\t\t\n<div id=\"blog-dynamicID-434865\" class=\"blog_list clearfix masonry\" data-column-width=\"4\">\n<div class=\"col col-sm-3 isotope-item\">\n \r\n\r\n<!-- blog box-->\r\n<article class=\"loop post-4574 post type-post status-publish format-standard has-post-thumbnail hentry category-unkategorisiert\" id=\"post-4574\">\r\n\t\t\r\n\t\r\n\t\t<section class=\"featured_image featured_media\">\r\n\t\t<a id=\"lightbox-329576\" class=\"imgeffect zoom lightbox_ featured_image\" data-group=\"image_3873\" title=\"Enlarge Image\" data-title=\"Vertr\u00e4ge in Wert von 308 Millionen\" data-description=\"\" data-thumbnail=\"https:\/\/arlcluj.ro\/wp-content\/uploads\/2015\/06\/strabag-2-75x50.jpg\" data-thumbTooltip=\"\" data-scaleUp=\"\" data-href=\"\" data-width=\"\" data-height=\"\" data-flashHasPriority=\"\" data-poster=\"\" data-autoplay=\"\" data-audiotitle=\"\" href=\"https:\/\/arlcluj.ro\/wp-content\/uploads\/2015\/06\/strabag-2.jpg\" ><img src=\"https:\/\/arlcluj.ro\/wp-content\/uploads\/2015\/06\/strabag-2-480x320.jpg\" alt=\"\" class=\"\" \/><\/a>\t\t<span class=\"format-icon icon-pencil\"><\/span>\r\n\t<\/section> \r\n\t\r\n\r\n\t\t<section class=\"text\">\r\n\r\n\t\t<!-- blog headline-->\r\n\t\t<h2><a href=\"https:\/\/arlcluj.ro\/de\/2015\/07\/23\/portofoliu-de-anvergura\/\" rel=\"bookmark\">Vertr\u00e4ge in Wert von 308 Millionen<\/a><\/h2> \r\n\t\t\t\r\n\r\n\t\t<p>Portfolio von 308 Millionen Euro f\u00fcr die Strabag SE in Rum\u00e4nien<\/p>\n\r\n\t\t\t\t<!-- meta data -->\r\n\t\t<div class=\"post_data\">\r\n\t\t\t\r\n\t\t\t\t\t\t\t\r\n\t\t\t\r\n\t\t\t\r\n\t\t\t\r\n\t\t<\/div><!-- \/ end div  .post_data -->\r\n\t\r\n\t\t\t<meta itemprop=\"name\" content=\"Vertr\u00e4ge in Wert von 308 Millionen\">\r\n\t\t\t<meta itemprop=\"datePublished\" content=\"July 23, 2015\">\r\n\t\t\t<meta itemprop=\"url\" content=\"https:\/\/arlcluj.ro\/de\/2015\/07\/23\/portofoliu-de-anvergura\/\">\r\n\t\t\t<meta itemprop=\"image\" content=\"https:\/\/arlcluj.ro\/wp-content\/uploads\/2015\/06\/strabag-2.jpg\">\r\n\t\t\t<meta itemprop=\"author\" content=\"design premierem\">\r\n\t\t\r\n\t<\/section> \r\n\r\n<\/article> \r\n<!-- \/ blog box-->\r\n<\/div>\n<div class=\"col col-sm-3 isotope-item\">\n \r\n\r\n<!-- blog box-->\r\n<article class=\"loop post-4576 post type-post status-publish format-standard has-post-thumbnail hentry category-unkategorisiert\" id=\"post-4576\">\r\n\t\t\r\n\t\r\n\t\t<section class=\"featured_image featured_media\">\r\n\t\t<a id=\"lightbox-399902\" class=\"imgeffect zoom lightbox_ featured_image\" data-group=\"image_3871\" title=\"Enlarge Image\" data-title=\"Was wir jetzt in Arbeit haben?\" data-description=\"\" data-thumbnail=\"https:\/\/arlcluj.ro\/wp-content\/uploads\/2015\/06\/strabag-4-75x50.jpg\" data-thumbTooltip=\"\" data-scaleUp=\"\" data-href=\"\" data-width=\"\" data-height=\"\" data-flashHasPriority=\"\" data-poster=\"\" data-autoplay=\"\" data-audiotitle=\"\" href=\"https:\/\/arlcluj.ro\/wp-content\/uploads\/2015\/06\/strabag-4.jpg\" ><img src=\"https:\/\/arlcluj.ro\/wp-content\/uploads\/2015\/06\/strabag-4-480x316.jpg\" alt=\"\" class=\"\" \/><\/a>\t\t<span class=\"format-icon icon-pencil\"><\/span>\r\n\t<\/section> \r\n\t\r\n\r\n\t\t<section class=\"text\">\r\n\r\n\t\t<!-- blog headline-->\r\n\t\t<h2><a href=\"https:\/\/arlcluj.ro\/de\/2015\/07\/23\/was-wir-jetzt-in-arbeit-haben\/\" rel=\"bookmark\">Was wir jetzt in Arbeit haben?<\/a><\/h2> \r\n\t\t\t\r\n\r\n\t\t<p>Die wichtigsten Projekte, bei denen unser Unternehmen derzeit arbeitet<\/p>\n\r\n\t\t\t\t<!-- meta data -->\r\n\t\t<div class=\"post_data\">\r\n\t\t\t\r\n\t\t\t\t\t\t\t\r\n\t\t\t\r\n\t\t\t\r\n\t\t\t\r\n\t\t<\/div><!-- \/ end div  .post_data -->\r\n\t\r\n\t\t\t<meta itemprop=\"name\" content=\"Was wir jetzt in Arbeit haben?\">\r\n\t\t\t<meta itemprop=\"datePublished\" content=\"July 23, 2015\">\r\n\t\t\t<meta itemprop=\"url\" content=\"https:\/\/arlcluj.ro\/de\/2015\/07\/23\/was-wir-jetzt-in-arbeit-haben\/\">\r\n\t\t\t<meta itemprop=\"image\" content=\"https:\/\/arlcluj.ro\/wp-content\/uploads\/2015\/06\/strabag-4.jpg\">\r\n\t\t\t<meta itemprop=\"author\" content=\"design premierem\">\r\n\t\t\r\n\t<\/section> \r\n\r\n<\/article> \r\n<!-- \/ blog box-->\r\n<\/div>\n<\/div>\n\n\n\t\t<\/div>\n\t<\/div>\n\n<\/div>\n<\/div>\n\n","protected":false},"excerpt":{"rendered":"Die wichtigsten Projekte, bei denen unser Unternehmen derzeit arbeitet, sind: Rehabilitierung der Kreistra\u00dfe DJ 792A Beliu - Tinca - Le\u015f; Umgehungsstra\u00dfe in Kreisstadt Oradea Rehabilitierung und Infrastrukturverbesserung auf DN1, auf einer Fl\u00e4che von 12 Ortschaften, von Tureni, Kreis Cluj, bis O\u015forhei, Kreis Bihor Rehabilitierung DN18, zwischen Ortschaften Bor\u015fa - \u015eesuri, Kreis Maramure\u015f Modernisierung der F\u0103get [...]","protected":false},"author":1,"featured_media":0,"parent":4037,"menu_order":0,"comment_status":"open","ping_status":"closed","template":"","meta":[],"_links":{"self":[{"href":"https:\/\/arlcluj.ro\/de\/wp-json\/wp\/v2\/pages\/4052"}],"collection":[{"href":"https:\/\/arlcluj.ro\/de\/wp-json\/wp\/v2\/pages"}],"about":[{"href":"https:\/\/arlcluj.ro\/de\/wp-json\/wp\/v2\/types\/page"}],"author":[{"embeddable":true,"href":"https:\/\/arlcluj.ro\/de\/wp-json\/wp\/v2\/users\/1"}],"replies":[{"embeddable":true,"href":"https:\/\/arlcluj.ro\/de\/wp-json\/wp\/v2\/comments?post=4052"}],"version-history":[{"count":3,"href":"https:\/\/arlcluj.ro\/de\/wp-json\/wp\/v2\/pages\/4052\/revisions"}],"predecessor-version":[{"id":4607,"href":"https:\/\/arlcluj.ro\/de\/wp-json\/wp\/v2\/pages\/4052\/revisions\/4607"}],"up":[{"embeddable":true,"href":"https:\/\/arlcluj.ro\/de\/wp-json\/wp\/v2\/pages\/4037"}],"wp:attachment":[{"href":"https:\/\/arlcluj.ro\/de\/wp-json\/wp\/v2\/media?parent=4052"}],"curies":[{"name":"wp","href":"https:\/\/api.w.org\/{rel}","templated":true}]}}